{"id":1290,"date":"2021-09-05T20:24:16","date_gmt":"2021-09-05T18:24:16","guid":{"rendered":"https:\/\/ferrersenabre.com\/isabel\/?page_id=1290"},"modified":"2022-03-10T19:18:14","modified_gmt":"2022-03-10T18:18:14","slug":"bio","status":"publish","type":"page","link":"https:\/\/ferrersenabre.com\/isabel\/bio\/","title":{"rendered":"Bio"},"content":{"rendered":"\n<p>S\u00f3c music\u00f2loga i educadora social. Actualment em dedique a l&#8217;edici\u00f3 de textos i a la divulgaci\u00f3 de la musicologia en diferents mitjans de comunicaci\u00f3. <\/p>\n\n\n\n<p>Part del temps tamb\u00e9 faig recerca. Els meus projectes se centren en la musicologia feminista, els processos al voltant de les m\u00fasiques a l&#8217;\u00e0rea valenciana, i en l&#8217;an\u00e0lisi dels espais i pr\u00e0ctiques d&#8217;oci. M\u00e9s informaci\u00f3 de caire acad\u00e8mic apareix en els perfils de les plataformes <a href=\"https:\/\/independentresearcher.academia.edu\/IsabelFerrerSenabre\" target=\"_blank\" rel=\"noreferrer noopener\">Academia.edu<\/a>, <a href=\"https:\/\/orcid.org\/0000-0003-0150-6612\" target=\"_blank\" rel=\"noreferrer noopener\">Orcid<\/a> i <a href=\"https:\/\/scholar.google.es\/citations?user=ynfR4JcAAAAJ&amp;hl=es\" target=\"_blank\" rel=\"noreferrer noopener\">Google Scholar<\/a>. <\/p>\n\n\n\n<p>Utilitze <a href=\"https:\/\/twitter.com\/Isferrer\">Twitter<\/a> i <a href=\"https:\/\/www.facebook.com\/isabel.ferrersenabre\">Facebook<\/a> per a estar al dia i comunicar all\u00f2 m\u00e9s imminent.<\/p>\n\n\n\n<p><\/p>\n\n\n\n<p>Gr\u00e0cies per dedicar-me uns moments del teu temps.<\/p>\n\n\n\n<div class=\"wp-block-image\"><figure class=\"alignleft size-large\"><img data-recalc-dims=\"1\" loading=\"lazy\" decoding=\"async\" width=\"881\" height=\"651\" data-attachment-id=\"466\" data-permalink=\"https:\/\/ferrersenabre.com\/isabel\/?attachment_id=466\" data-orig-file=\"https:\/\/i0.wp.com\/ferrersenabre.com\/isabel\/wp-content\/uploads\/2020\/04\/1010103_10152467962111241_1065015430545637087_n.jpg?fit=881%2C651&amp;ssl=1\" data-orig-size=\"881,651\" data-comments-opened=\"1\" data-image-meta=\"{&quot;aperture&quot;:&quot;0&quot;,&quot;credit&quot;:&quot;&quot;,&quot;camera&quot;:&quot;&quot;,&quot;caption&quot;:&quot;&quot;,&quot;created_timestamp&quot;:&quot;1586779705&quot;,&quot;copyright&quot;:&quot;&quot;,&quot;focal_length&quot;:&quot;0&quot;,&quot;iso&quot;:&quot;0&quot;,&quot;shutter_speed&quot;:&quot;0&quot;,&quot;title&quot;:&quot;&quot;,&quot;orientation&quot;:&quot;1&quot;}\" data-image-title=\"1010103_10152467962111241_1065015430545637087_n\" data-image-description=\"\" data-image-caption=\"\" data-large-file=\"https:\/\/i0.wp.com\/ferrersenabre.com\/isabel\/wp-content\/uploads\/2020\/04\/1010103_10152467962111241_1065015430545637087_n.jpg?fit=881%2C651&amp;ssl=1\" src=\"https:\/\/i0.wp.com\/ferrersenabre.com\/isabel\/wp-content\/uploads\/2020\/04\/1010103_10152467962111241_1065015430545637087_n.jpg?resize=881%2C651&#038;ssl=1\" alt=\"\" class=\"wp-image-466\" srcset=\"https:\/\/i0.wp.com\/ferrersenabre.com\/isabel\/wp-content\/uploads\/2020\/04\/1010103_10152467962111241_1065015430545637087_n.jpg?w=881&amp;ssl=1 881w, https:\/\/i0.wp.com\/ferrersenabre.com\/isabel\/wp-content\/uploads\/2020\/04\/1010103_10152467962111241_1065015430545637087_n.jpg?resize=300%2C222&amp;ssl=1 300w, https:\/\/i0.wp.com\/ferrersenabre.com\/isabel\/wp-content\/uploads\/2020\/04\/1010103_10152467962111241_1065015430545637087_n.jpg?resize=720%2C532&amp;ssl=1 720w, https:\/\/i0.wp.com\/ferrersenabre.com\/isabel\/wp-content\/uploads\/2020\/04\/1010103_10152467962111241_1065015430545637087_n.jpg?resize=560%2C414&amp;ssl=1 560w\" sizes=\"auto, (max-width: 881px) 100vw, 881px\" \/><\/figure><\/div>\n","protected":false},"excerpt":{"rendered":"<p>S\u00f3c music\u00f2loga i educadora social. Actualment em dedique a l&#8217;edici\u00f3 de textos i a la divulgaci\u00f3 de la musicologia en &hellip; <a class=\"more-link\" href=\"https:\/\/ferrersenabre.com\/isabel\/bio\/\">M\u00e9s<\/a><\/p>\n","protected":false},"author":1,"featured_media":0,"parent":0,"menu_order":0,"comment_status":"closed","ping_status":"closed","template":"","meta":{"jetpack_post_was_ever_published":false,"footnotes":""},"class_list":["post-1290","page","type-page","status-publish","hentry",""],"yoast_head":"<!-- This site is optimized with the Yoast SEO plugin v27.5 - https:\/\/yoast.com\/product\/yoast-seo-wordpress\/ -->\n<title>Bio - Isabel Ferrer Senabre<\/title>\n<meta name=\"description\" content=\"S\u00f3c music\u00f2loga i educadora social. Actualment em dedique a l&#039;edici\u00f3 de textos i a la divulgaci\u00f3 de la musicologia en diferents mitjans de comunicaci\u00f3. Part del temps tamb\u00e9 el dedique a la investigaci\u00f3. Els meus projectes se centren en la musicologia feminista, les m\u00fasiques populars i tradicionals de l&#039;\u00e0rea valenciana, i en l&#039;an\u00e0lisi dels espais i pr\u00e0ctiques d&#039;oci.Utilitze Twitter per a estar al dia i comunicar all\u00f2 m\u00e9s imminent.Gr\u00e0cies per dedicar-me uns moments del teu temps.\" \/>\n<meta name=\"robots\" content=\"index, follow, max-snippet:-1, max-image-preview:large, max-video-preview:-1\" \/>\n<link rel=\"canonical\" href=\"https:\/\/ferrersenabre.com\/isabel\/bio\/\" \/>\n<meta property=\"og:locale\" content=\"ca_ES\" \/>\n<meta property=\"og:type\" content=\"article\" \/>\n<meta property=\"og:title\" content=\"Bio - Isabel Ferrer Senabre\" \/>\n<meta property=\"og:description\" content=\"S\u00f3c music\u00f2loga i educadora social. Actualment em dedique a l&#039;edici\u00f3 de textos i a la divulgaci\u00f3 de la musicologia en diferents mitjans de comunicaci\u00f3. Part del temps tamb\u00e9 el dedique a la investigaci\u00f3. Els meus projectes se centren en la musicologia feminista, les m\u00fasiques populars i tradicionals de l&#039;\u00e0rea valenciana, i en l&#039;an\u00e0lisi dels espais i pr\u00e0ctiques d&#039;oci.Utilitze Twitter per a estar al dia i comunicar all\u00f2 m\u00e9s imminent.Gr\u00e0cies per dedicar-me uns moments del teu temps.\" \/>\n<meta property=\"og:url\" content=\"https:\/\/ferrersenabre.com\/isabel\/bio\/\" \/>\n<meta property=\"og:site_name\" content=\"Isabel Ferrer Senabre\" \/>\n<meta property=\"article:modified_time\" content=\"2022-03-10T18:18:14+00:00\" \/>\n<meta property=\"og:image\" content=\"https:\/\/ferrersenabre.com\/isabel\/wp-content\/uploads\/2020\/04\/1010103_10152467962111241_1065015430545637087_n.jpg\" \/>\n<meta name=\"twitter:card\" content=\"summary_large_image\" \/>\n<meta name=\"twitter:label1\" content=\"Temps estimat de lectura\" \/>\n\t<meta name=\"twitter:data1\" content=\"1 minut\" \/>\n<script type=\"application\/ld+json\" class=\"yoast-schema-graph\">{\"@context\":\"https:\\\/\\\/schema.org\",\"@graph\":[{\"@type\":\"WebPage\",\"@id\":\"https:\\\/\\\/ferrersenabre.com\\\/isabel\\\/bio\\\/\",\"url\":\"https:\\\/\\\/ferrersenabre.com\\\/isabel\\\/bio\\\/\",\"name\":\"Bio - Isabel Ferrer Senabre\",\"isPartOf\":{\"@id\":\"https:\\\/\\\/ferrersenabre.com\\\/isabel\\\/#website\"},\"primaryImageOfPage\":{\"@id\":\"https:\\\/\\\/ferrersenabre.com\\\/isabel\\\/bio\\\/#primaryimage\"},\"image\":{\"@id\":\"https:\\\/\\\/ferrersenabre.com\\\/isabel\\\/bio\\\/#primaryimage\"},\"thumbnailUrl\":\"https:\\\/\\\/ferrersenabre.com\\\/isabel\\\/wp-content\\\/uploads\\\/2020\\\/04\\\/1010103_10152467962111241_1065015430545637087_n.jpg\",\"datePublished\":\"2021-09-05T18:24:16+00:00\",\"dateModified\":\"2022-03-10T18:18:14+00:00\",\"description\":\"S\u00f3c music\u00f2loga i educadora social. Actualment em dedique a l'edici\u00f3 de textos i a la divulgaci\u00f3 de la musicologia en diferents mitjans de comunicaci\u00f3. Part del temps tamb\u00e9 el dedique a la investigaci\u00f3. Els meus projectes se centren en la musicologia feminista, les m\u00fasiques populars i tradicionals de l'\u00e0rea valenciana, i en l'an\u00e0lisi dels espais i pr\u00e0ctiques d'oci.Utilitze Twitter per a estar al dia i comunicar all\u00f2 m\u00e9s imminent.Gr\u00e0cies per dedicar-me uns moments del teu temps.\",\"breadcrumb\":{\"@id\":\"https:\\\/\\\/ferrersenabre.com\\\/isabel\\\/bio\\\/#breadcrumb\"},\"inLanguage\":\"ca\",\"potentialAction\":[{\"@type\":\"ReadAction\",\"target\":[\"https:\\\/\\\/ferrersenabre.com\\\/isabel\\\/bio\\\/\"]}]},{\"@type\":\"ImageObject\",\"inLanguage\":\"ca\",\"@id\":\"https:\\\/\\\/ferrersenabre.com\\\/isabel\\\/bio\\\/#primaryimage\",\"url\":\"https:\\\/\\\/i0.wp.com\\\/ferrersenabre.com\\\/isabel\\\/wp-content\\\/uploads\\\/2020\\\/04\\\/1010103_10152467962111241_1065015430545637087_n.jpg?fit=881%2C651&ssl=1\",\"contentUrl\":\"https:\\\/\\\/i0.wp.com\\\/ferrersenabre.com\\\/isabel\\\/wp-content\\\/uploads\\\/2020\\\/04\\\/1010103_10152467962111241_1065015430545637087_n.jpg?fit=881%2C651&ssl=1\",\"width\":881,\"height\":651},{\"@type\":\"BreadcrumbList\",\"@id\":\"https:\\\/\\\/ferrersenabre.com\\\/isabel\\\/bio\\\/#breadcrumb\",\"itemListElement\":[{\"@type\":\"ListItem\",\"position\":1,\"name\":\"Inici\",\"item\":\"https:\\\/\\\/ferrersenabre.com\\\/isabel\\\/\"},{\"@type\":\"ListItem\",\"position\":2,\"name\":\"Bio\"}]},{\"@type\":\"WebSite\",\"@id\":\"https:\\\/\\\/ferrersenabre.com\\\/isabel\\\/#website\",\"url\":\"https:\\\/\\\/ferrersenabre.com\\\/isabel\\\/\",\"name\":\"Isabel Ferrer Senabre\",\"description\":\"Music\u00f2loga\",\"publisher\":{\"@id\":\"https:\\\/\\\/ferrersenabre.com\\\/isabel\\\/#\\\/schema\\\/person\\\/457531cb41fc01c1b6676c978e0dda6a\"},\"potentialAction\":[{\"@type\":\"SearchAction\",\"target\":{\"@type\":\"EntryPoint\",\"urlTemplate\":\"https:\\\/\\\/ferrersenabre.com\\\/isabel\\\/?s={search_term_string}\"},\"query-input\":{\"@type\":\"PropertyValueSpecification\",\"valueRequired\":true,\"valueName\":\"search_term_string\"}}],\"inLanguage\":\"ca\"},{\"@type\":[\"Person\",\"Organization\"],\"@id\":\"https:\\\/\\\/ferrersenabre.com\\\/isabel\\\/#\\\/schema\\\/person\\\/457531cb41fc01c1b6676c978e0dda6a\",\"name\":\"isabel\",\"image\":{\"@type\":\"ImageObject\",\"inLanguage\":\"ca\",\"@id\":\"https:\\\/\\\/secure.gravatar.com\\\/avatar\\\/36088a98412757fa80f5ec755699904dc651bf39967c68e42d1c3a10675ae5ca?s=96&d=mm&r=g\",\"url\":\"https:\\\/\\\/secure.gravatar.com\\\/avatar\\\/36088a98412757fa80f5ec755699904dc651bf39967c68e42d1c3a10675ae5ca?s=96&d=mm&r=g\",\"contentUrl\":\"https:\\\/\\\/secure.gravatar.com\\\/avatar\\\/36088a98412757fa80f5ec755699904dc651bf39967c68e42d1c3a10675ae5ca?s=96&d=mm&r=g\",\"caption\":\"isabel\"},\"logo\":{\"@id\":\"https:\\\/\\\/secure.gravatar.com\\\/avatar\\\/36088a98412757fa80f5ec755699904dc651bf39967c68e42d1c3a10675ae5ca?s=96&d=mm&r=g\"}}]}<\/script>\n<!-- \/ Yoast SEO plugin. -->","yoast_head_json":{"title":"Bio - Isabel Ferrer Senabre","description":"S\u00f3c music\u00f2loga i educadora social. Actualment em dedique a l'edici\u00f3 de textos i a la divulgaci\u00f3 de la musicologia en diferents mitjans de comunicaci\u00f3. Part del temps tamb\u00e9 el dedique a la investigaci\u00f3. Els meus projectes se centren en la musicologia feminista, les m\u00fasiques populars i tradicionals de l'\u00e0rea valenciana, i en l'an\u00e0lisi dels espais i pr\u00e0ctiques d'oci.Utilitze Twitter per a estar al dia i comunicar all\u00f2 m\u00e9s imminent.Gr\u00e0cies per dedicar-me uns moments del teu temps.","robots":{"index":"index","follow":"follow","max-snippet":"max-snippet:-1","max-image-preview":"max-image-preview:large","max-video-preview":"max-video-preview:-1"},"canonical":"https:\/\/ferrersenabre.com\/isabel\/bio\/","og_locale":"ca_ES","og_type":"article","og_title":"Bio - Isabel Ferrer Senabre","og_description":"S\u00f3c music\u00f2loga i educadora social. Actualment em dedique a l'edici\u00f3 de textos i a la divulgaci\u00f3 de la musicologia en diferents mitjans de comunicaci\u00f3. Part del temps tamb\u00e9 el dedique a la investigaci\u00f3. Els meus projectes se centren en la musicologia feminista, les m\u00fasiques populars i tradicionals de l'\u00e0rea valenciana, i en l'an\u00e0lisi dels espais i pr\u00e0ctiques d'oci.Utilitze Twitter per a estar al dia i comunicar all\u00f2 m\u00e9s imminent.Gr\u00e0cies per dedicar-me uns moments del teu temps.","og_url":"https:\/\/ferrersenabre.com\/isabel\/bio\/","og_site_name":"Isabel Ferrer Senabre","article_modified_time":"2022-03-10T18:18:14+00:00","og_image":[{"url":"https:\/\/ferrersenabre.com\/isabel\/wp-content\/uploads\/2020\/04\/1010103_10152467962111241_1065015430545637087_n.jpg","type":"","width":"","height":""}],"twitter_card":"summary_large_image","twitter_misc":{"Temps estimat de lectura":"1 minut"},"schema":{"@context":"https:\/\/schema.org","@graph":[{"@type":"WebPage","@id":"https:\/\/ferrersenabre.com\/isabel\/bio\/","url":"https:\/\/ferrersenabre.com\/isabel\/bio\/","name":"Bio - Isabel Ferrer Senabre","isPartOf":{"@id":"https:\/\/ferrersenabre.com\/isabel\/#website"},"primaryImageOfPage":{"@id":"https:\/\/ferrersenabre.com\/isabel\/bio\/#primaryimage"},"image":{"@id":"https:\/\/ferrersenabre.com\/isabel\/bio\/#primaryimage"},"thumbnailUrl":"https:\/\/ferrersenabre.com\/isabel\/wp-content\/uploads\/2020\/04\/1010103_10152467962111241_1065015430545637087_n.jpg","datePublished":"2021-09-05T18:24:16+00:00","dateModified":"2022-03-10T18:18:14+00:00","description":"S\u00f3c music\u00f2loga i educadora social. Actualment em dedique a l'edici\u00f3 de textos i a la divulgaci\u00f3 de la musicologia en diferents mitjans de comunicaci\u00f3. Part del temps tamb\u00e9 el dedique a la investigaci\u00f3. Els meus projectes se centren en la musicologia feminista, les m\u00fasiques populars i tradicionals de l'\u00e0rea valenciana, i en l'an\u00e0lisi dels espais i pr\u00e0ctiques d'oci.Utilitze Twitter per a estar al dia i comunicar all\u00f2 m\u00e9s imminent.Gr\u00e0cies per dedicar-me uns moments del teu temps.","breadcrumb":{"@id":"https:\/\/ferrersenabre.com\/isabel\/bio\/#breadcrumb"},"inLanguage":"ca","potentialAction":[{"@type":"ReadAction","target":["https:\/\/ferrersenabre.com\/isabel\/bio\/"]}]},{"@type":"ImageObject","inLanguage":"ca","@id":"https:\/\/ferrersenabre.com\/isabel\/bio\/#primaryimage","url":"https:\/\/i0.wp.com\/ferrersenabre.com\/isabel\/wp-content\/uploads\/2020\/04\/1010103_10152467962111241_1065015430545637087_n.jpg?fit=881%2C651&ssl=1","contentUrl":"https:\/\/i0.wp.com\/ferrersenabre.com\/isabel\/wp-content\/uploads\/2020\/04\/1010103_10152467962111241_1065015430545637087_n.jpg?fit=881%2C651&ssl=1","width":881,"height":651},{"@type":"BreadcrumbList","@id":"https:\/\/ferrersenabre.com\/isabel\/bio\/#breadcrumb","itemListElement":[{"@type":"ListItem","position":1,"name":"Inici","item":"https:\/\/ferrersenabre.com\/isabel\/"},{"@type":"ListItem","position":2,"name":"Bio"}]},{"@type":"WebSite","@id":"https:\/\/ferrersenabre.com\/isabel\/#website","url":"https:\/\/ferrersenabre.com\/isabel\/","name":"Isabel Ferrer Senabre","description":"Music\u00f2loga","publisher":{"@id":"https:\/\/ferrersenabre.com\/isabel\/#\/schema\/person\/457531cb41fc01c1b6676c978e0dda6a"},"potentialAction":[{"@type":"SearchAction","target":{"@type":"EntryPoint","urlTemplate":"https:\/\/ferrersenabre.com\/isabel\/?s={search_term_string}"},"query-input":{"@type":"PropertyValueSpecification","valueRequired":true,"valueName":"search_term_string"}}],"inLanguage":"ca"},{"@type":["Person","Organization"],"@id":"https:\/\/ferrersenabre.com\/isabel\/#\/schema\/person\/457531cb41fc01c1b6676c978e0dda6a","name":"isabel","image":{"@type":"ImageObject","inLanguage":"ca","@id":"https:\/\/secure.gravatar.com\/avatar\/36088a98412757fa80f5ec755699904dc651bf39967c68e42d1c3a10675ae5ca?s=96&d=mm&r=g","url":"https:\/\/secure.gravatar.com\/avatar\/36088a98412757fa80f5ec755699904dc651bf39967c68e42d1c3a10675ae5ca?s=96&d=mm&r=g","contentUrl":"https:\/\/secure.gravatar.com\/avatar\/36088a98412757fa80f5ec755699904dc651bf39967c68e42d1c3a10675ae5ca?s=96&d=mm&r=g","caption":"isabel"},"logo":{"@id":"https:\/\/secure.gravatar.com\/avatar\/36088a98412757fa80f5ec755699904dc651bf39967c68e42d1c3a10675ae5ca?s=96&d=mm&r=g"}}]}},"jetpack_sharing_enabled":true,"jetpack_shortlink":"https:\/\/wp.me\/P7sWWM-kO","_links":{"self":[{"href":"https:\/\/ferrersenabre.com\/isabel\/wp-json\/wp\/v2\/pages\/1290","targetHints":{"allow":["GET"]}}],"collection":[{"href":"https:\/\/ferrersenabre.com\/isabel\/wp-json\/wp\/v2\/pages"}],"about":[{"href":"https:\/\/ferrersenabre.com\/isabel\/wp-json\/wp\/v2\/types\/page"}],"author":[{"embeddable":true,"href":"https:\/\/ferrersenabre.com\/isabel\/wp-json\/wp\/v2\/users\/1"}],"replies":[{"embeddable":true,"href":"https:\/\/ferrersenabre.com\/isabel\/wp-json\/wp\/v2\/comments?post=1290"}],"version-history":[{"count":5,"href":"https:\/\/ferrersenabre.com\/isabel\/wp-json\/wp\/v2\/pages\/1290\/revisions"}],"predecessor-version":[{"id":1502,"href":"https:\/\/ferrersenabre.com\/isabel\/wp-json\/wp\/v2\/pages\/1290\/revisions\/1502"}],"wp:attachment":[{"href":"https:\/\/ferrersenabre.com\/isabel\/wp-json\/wp\/v2\/media?parent=1290"}],"curies":[{"name":"wp","href":"https:\/\/api.w.org\/{rel}","templated":true}]}}