{"id":702,"date":"2020-05-10T20:33:13","date_gmt":"2020-05-10T18:33:13","guid":{"rendered":"https:\/\/ferrersenabre.com\/isabel\/?page_id=702"},"modified":"2023-10-16T17:49:55","modified_gmt":"2023-10-16T15:49:55","slug":"publicacions","status":"publish","type":"page","link":"https:\/\/ferrersenabre.com\/isabel\/publicacions\/","title":{"rendered":"Publicacions"},"content":{"rendered":"\n<h2 class=\"wp-block-heading has-cyan-bluish-gray-color has-text-color\">Recerca<\/h2>\n\n\n\n<p><a href=\"https:\/\/pasadoymemoria.ua.es\/article\/view\/20951\" target=\"_blank\" rel=\"noreferrer noopener\">Discursos a trav\u00e9s de la celebridad local: la cupleti<\/a><a href=\"https:\/\/www.academia.edu\/94684101\/Discursos_a_trav%C3%A9s_de_la_celebridad_local_la_cupletista_Adela_Margot_en_Valencia_durante_la_d%C3%A9cada_de_1910_traducci%C3%B3n_al_espa%C3%B1ol_\" target=\"_blank\" rel=\"noreferrer noopener\">s<\/a><a href=\"https:\/\/pasadoymemoria.ua.es\/article\/view\/20951\" target=\"_blank\" rel=\"noreferrer noopener\">ta Adela Margot en Val\u00e8ncia durante la d\u00e9cada de 1910<\/a> (versi\u00f3n en espa\u00f1ol)<br><em>Pasado y Memoria. Revista de Historia Contempor\u00e1nea<\/em>, 24, 2022 <\/p>\n\n\n\n<p><a href=\"https:\/\/pasadoymemoria.ua.es\/article\/view\/20951\" target=\"_blank\" rel=\"noreferrer noopener\">Discursos a trav\u00e9s de la celebritat local: la cupletista Adela Margot a Val\u00e8ncia durant la d\u00e8cada de 1910<\/a> <em>Pasado y Memoria. Revista de Historia Contempor\u00e1nea<\/em>, 24, 2022<\/p>\n\n\n\n<p><a href=\"https:\/\/avamus.org\/wp-content\/uploads\/2022\/02\/QDV-Isabel-Ferrer-Senabre.pdf\" target=\"_blank\" rel=\"noreferrer noopener\">Compositores valencianes i teatre l\u00edric popular en el primer ter\u00e7 del segle XX<\/a> <br><em>Quadr\u00edvium<\/em>, 12, 2021<\/p>\n\n\n\n<p><a href=\"https:\/\/avamus.org\/wp-content\/uploads\/2022\/02\/QDV-Isabel-Ferrer-Senabre-CAS.pdf\">Compositoras valencianas y teatro l\u00edrico popular en el primer tercio del siglo XX<\/a> (versi\u00f3n en espa\u00f1ol)<br><em>Quadr\u00edvium<\/em>, 12, 2021<\/p>\n\n\n\n<p><a href=\"https:\/\/www.academia.edu\/41363406\/Escenificando_el_g%C3%A9nero._Estrategias_corporales_en_los_lugares_de_ocio_de_las_d%C3%A9cadas_de_1940_y_1950\">E<\/a><a href=\"https:\/\/www.academia.edu\/41363406\/Escenificando_el_g%C3%A9nero._Estrategias_corporales_en_los_lugares_de_ocio_de_las_d%C3%A9cadas_de_1940_y_1950\" target=\"_blank\" rel=\"noreferrer noopener\">scenificando el g\u00e9nero: espacios para los bailes de moda durante el primer franquismo<\/a><br><em>Danza, g\u00e9nero y sociedad<\/em>, Beatriz Mart\u00ednez del Fresno y Ana Mar\u00eda D\u00edaz Olaya (coord.) M\u00e1laga:&nbsp;Universidad de M\u00e1laga, 2017<\/p>\n\n\n\n<p><a href=\"https:\/\/www.academia.edu\/9284125\/Les_pistes_de_ball_durant_el_primer_franquisme_espais_de_lleure_a_lHorta-Albufera\" target=\"_blank\" rel=\"noreferrer noopener\">Les pistes de ball durant el primer franquisme: espais de lleure a l\u2019Horta-Albufera<\/a><br>Tesi Doctoral.&nbsp;Menci\u00f3 de Doctorat Europeu.&nbsp;Programa de Doctorat en Hist\u00f2ria de l\u2019Art i Musicologia.&nbsp;Universitat Aut\u00f2noma de Barcelona, 2013<\/p>\n\n\n\n<p><\/p>\n\n\n\n<p><a href=\"https:\/\/www.academia.edu\/2203165\/Folklorismo_y_memoria_generacional_narrativas_de_las_realidades_musicales_del_primer_franquismo\" target=\"_blank\" rel=\"noreferrer noopener\">Folklorismo y memoria generacional: narrativas de las realidades musicales del primer franquismo<\/a><br><em>Current Issues in Music Research: Copyright, Power and Transnational Music Processes<\/em>, Moreno Fern\u00e1ndez, Susana&nbsp;<em>et al.<\/em>&nbsp;(eds.), Lisboa: Edi\u00e7oes Colibri, Instituto de Etnomusicologia-Centro de Estudos em Musica e Dan\u00e7a, pp. 129-148, 2013.<\/p>\n\n\n\n<p><a href=\"https:\/\/www.academia.edu\/2002903\/Ruperto_Chap%C3%AD_y_la_zarzuela_ambivalencias_musicales_en_la_Guerra_Civil_Espa%C3%B1ola\" target=\"_blank\" rel=\"noreferrer noopener\">Ruperto Chap\u00ed y la zarzuela: ambivalencias musicales en la Guerra Civil Espa\u00f1ola<\/a><br><em>Ruperto Chap\u00ed. Nuevas Perspectivas<\/em>, A Galbis L\u00f3pez, Vicent&nbsp;<em>et al.&nbsp;<\/em>(dirs.).&nbsp;Val\u00e8ncia: Institut Valenci\u00e0 de la M\u00fasica, pp. 495-511, 2012<\/p>\n\n\n\n<p><a href=\"http:\/\/wp.me\/P7sWWM-1g\">Dissentiments de la dictadura: balls, franquisme i Esgl\u00e9sia<\/a><br><em>La Dictadura franquista: la institucionalitzaci\u00f3 d\u2019un r\u00e8gim<\/em>, Segura, Antoni&nbsp;<em>et. al&nbsp;<\/em>(dirs.).&nbsp;Barcelona: UB Edicions, pp. 432-446, 2012<\/p>\n\n\n\n<p><a href=\"https:\/\/www.sibetrans.com\/trans\/public\/docs\/trans_15_11_Ferrer.pdf\" target=\"_blank\" rel=\"noreferrer noopener\">Cant i quotidianitat: visibilitat i g\u00e8nere durant el primer franquisme<\/a><br><em>Trans \u2013 Transcultural Music Review<\/em>, n. 15, 2011<\/p>\n\n\n\n<p><a href=\"http:\/\/www.sibetrans.com\/trans\/public\/docs\/trans_15_10_Ferrer.pdf\">Canto y cotidianidad: visibilidad y g\u00e9nero durante el primer franquismo (versi\u00f3n en espa\u00f1ol<\/a>)<br><em>Trans \u2013 Transcultural Music Review<\/em>, n. 15, 2011 (versi\u00f3n en espa\u00f1ol)<\/p>\n\n\n\n<p><a href=\"https:\/\/www.academia.edu\/2002909\/Passejos_pistes_i_plaques_els_balls_a_LHorta_Sud_durant_el_primer_franquisme\">Passejos, pistes i plaques: els balls a l\u2019Horta Sud durant el primer franquisme<\/a><br><em>Quadr\u00edvium<\/em>&nbsp;n. 3, 2012<\/p>\n\n\n\n<p><\/p>\n\n\n\n<hr class=\"wp-block-separator has-css-opacity\"\/>\n\n\n\n<h2 class=\"wp-block-heading\" id=\"divulgacio\"><mark style=\"background-color:rgba(0, 0, 0, 0)\" class=\"has-inline-color has-cyan-bluish-gray-color\">Divulgaci\u00f3<\/mark><\/h2>\n\n\n\n<p><a href=\"https:\/\/ferrersenabre.com\/isabel\/2022\/11\/29\/els-cuplets-de-joan-fuster\/\" target=\"_blank\" rel=\"noreferrer noopener\">Els cuplets de Joan Fuster<\/a><br><em>Joan Fuster, entre nosaltres. XXVI Homenatge a la Paraula<\/em>. Gandia: CEIC Alfons el Vell, 2022.<\/p>\n\n\n\n<p><a href=\"https:\/\/sonograma.org\/2022\/10\/joan-fuster-a-la-pista-de-ball\/\" target=\"_blank\" rel=\"noreferrer noopener\">Joan fuster a la pista de ball<\/a><br>Sonograma Magazine, octubre de 2022<\/p>\n\n\n\n<p><a href=\"https:\/\/sonograma.org\/2022\/06\/el-trombo-de-marguerite-dufay\/\" target=\"_blank\" rel=\"noreferrer noopener\">El tromb\u00f3 de Marguerite Dufay<\/a><br>Sonograma Magazine, abril de 2022<br>(lee aqu\u00ed la versi\u00f3n en espa\u00f1ol: <a href=\"https:\/\/ferrersenabre.com\/isabel\/2022\/10\/14\/el-trombon-de-marguerite-dufay-sonogama-magazine\/\" target=\"_blank\" rel=\"noreferrer noopener\">El tromb\u00f3n de Marguerite Dufay<\/a>)<\/p>\n\n\n\n<p><a href=\"https:\/\/sonograma.org\/2022\/04\/sportsmen-i-polques-patinables\/\" target=\"_blank\" rel=\"noreferrer noopener\"><em>Sportsmen <\/em>i polques patinables<\/a><br>Sonograma Magazine, abril de 2022<br>(lee aqu\u00ed la versi\u00f3n en espa\u00f1ol: <em>Sportsmen <\/em>y polcas patinables)<\/p>\n\n\n\n<p><\/p>\n\n\n\n<p><a href=\"https:\/\/revistasao.cat\/pistes-ball-anys-quaranta-i-cinquanta\/\" target=\"_blank\" rel=\"noreferrer noopener\">Repensar la tradici\u00f3 i la modernitat<\/a><br>Sa\u00f3 n. 391, mar\u00e7 2014<\/p>\n\n\n\n<p><a href=\"https:\/\/www.academia.edu\/9284336\/Acustemologia_de_g%C3%A8nere_ecos_per_a_una_fantasia\" target=\"_blank\" rel=\"noreferrer noopener\">Acustemologia de g\u00e8nere: ecos per a una fantasia<\/a>?<br><em>Quadr\u00edvium<\/em>&nbsp;n. 5, 2014<\/p>\n\n\n\n<p><a href=\"https:\/\/www.academia.edu\/10573455\/Pol%C3%ADtica_adaptaci%C3%B3_i_superviv%C3%A8ncia_els_balls_a_les_societats_musicals_valencianes_de_la_primera_meitat_del_segle_XX\" target=\"_blank\" rel=\"noreferrer noopener\">Pol\u00edtica, adaptaci\u00f3 i superviv\u00e8ncia: els balls a les societats musicals valencianes de la primera meitat del segle XX<\/a><br><em>Canem\u00e0s<\/em>&nbsp;n. 7, 2014<\/p>\n\n\n\n<p><a href=\"https:\/\/www.academia.edu\/2445216\/_Se%C3%B1orita_me_permite_este_pecado_els_d%C3%A0ncings_i_la_dictadura_franquista\">\u00abSe\u00f1orita, \u00bfme permite este pecado?\u00bb: els d\u00e0ncings i la dictadura franquista<\/a><br><em>Impromptu 48<\/em>, 2012<\/p>\n\n\n\n<p><em><a href=\"https:\/\/shop.lapuca.com\/art-i-artesania\/78078-cancons-que-cal-saber.html\" target=\"_blank\" rel=\"noreferrer noopener\">Can\u00e7ons que cal saber<\/a><\/em><br>Costal, Anna (coord.). Barcelona: P\u00f2rtic, 2010<\/p>\n\n\n\n<p><a href=\"https:\/\/www.academia.edu\/2445202\/Passat_i_present._Requalificaci%C3%B3_de_terrenys_musicals\">\u00abPassat i present. Requalificaci\u00f3 de terrenys musicals\u00bb<\/a><br><em>Nativa<\/em>, n. 51, pp. 10-15, 2009<\/p>\n\n\n\n<hr class=\"wp-block-separator has-css-opacity\"\/>\n\n\n\n<h2 class=\"wp-block-heading\" id=\"ressenyes\"><mark style=\"background-color:rgba(0, 0, 0, 0)\" class=\"has-inline-color has-cyan-bluish-gray-color\">Ressenyes<\/mark><\/h2>\n\n\n\n<p>Las bandas: entre lo cotidiano y lo extraordinario<br>Ressenya de Nicol\u00e1s Rinc\u00f3n Rodr\u00edguez y David Ferreiro Carballo (eds.): <em>Bandas de m\u00fasica: contextos interpretativos y repertorios<\/em>. Granada: Libargo, 2019<br><em>Estudios band\u00edsticos<\/em> (en premsa)<\/p>\n\n\n\n<p>Enrique Encabo e Inmaculada Polo (eds.): <a href=\"http:\/\/revistascientificas.filo.uba.ar\/index.php\/oidopensante\/article\/view\/11343\/10106\" target=\"_blank\" rel=\"noreferrer noopener\">Copla, ideolog\u00eda y poder<\/a>. Madrid: Editorial Dykinson, 2020.<br><em>El o\u00eddo pensante<\/em> 10.1 (mar\u00e7-setembre 2022), pp. 166-169.<\/p>\n\n\n\n<p><a href=\"https:\/\/editorialafers.blogspot.com\/2021\/02\/explicar-la-historia-traves-de-les.html\" target=\"_blank\" rel=\"noreferrer noopener\">&#8216;Explicar la hist\u00f2ria a trav\u00e9s de quinze dones&#8217;<\/a><br>Ressenya d&#8217;Antoni Furi\u00f3 (ed.). <em>Quinze dones valencianes<\/em>. Catarroja: Afers, 2020. <em>L&#8217;espill<\/em>, vol. 63-64, 2021.<\/p>\n\n\n\n<p><a href=\"https:\/\/revistasao.cat\/quan-el-silenci-ens-parla\/?fbclid=IwAR3Apr2hlNdRkSpqtis-qsA6GPXRukfhhOO2J21s8SHTCe6VqExw35mH-lk\" target=\"_blank\" rel=\"noreferrer noopener\">&#8216;Quan el silenci ens parla&#8217;<\/a><br>Ressenya d&#8217;Alain Corbin: <em>Hist\u00f2ria del silenci. Del Renaixement als nostres dies<\/em>. Barcelona: Fragmenta, 2019. <em>Sa\u00f3<\/em>, desembre 2020.<\/p>\n\n\n\n<p><a href=\"https:\/\/www.academia.edu\/38147434\/Beatriz_Mart%C3%ADnez_del_Fresno_Bel%C3%A9n_Vega_Pichaco_eds._Dance_Ideology_and_Power_in_Francoist_Spain_1938-1968_Turnhout_Brepols_2017\" target=\"_blank\" rel=\"noreferrer noopener\">Beatriz Mart\u00ednez del Fresno, Bel\u00e9n Vega Pichaco (eds.): Dance, Ideology and Power in Francoist Spain (1938-1968), Turnhout, Brepols, 2017<\/a><br>Cuadernos de M\u00fasica Iberoamericana, vol. 31, 2018<\/p>\n\n\n\n<p><a href=\"https:\/\/www.academia.edu\/8046094\/Elvira_Asensi_Silvestre_M%C3%BAsica_mestre_Les_bandes_valencianes_en_el_tombant_del_segle_XIX_Val%C3%A8ncia_Universitat_de_Val%C3%A8ncia_2013_193_pp\">Elvira Asensi Silvestre: M\u00fasica, mestre! Les bandes valencianes en el tombant del segle XIX Val\u00e8ncia: Universitat de Val\u00e8ncia, 2013, p. 193<\/a><br>Canem\u00e0s, Juny 2013<\/p>\n\n\n\n<hr class=\"wp-block-separator has-css-opacity\"\/>\n\n\n\n<h2 class=\"wp-block-heading\" id=\"prolegs\"><mark style=\"background-color:rgba(0, 0, 0, 0)\" class=\"has-inline-color has-cyan-bluish-gray-color\">Pr\u00f2legs<\/mark><\/h2>\n\n\n\n<p><a href=\"https:\/\/www.academia.edu\/44777520\/Pr%C3%B2leg_al_llibre_Deixem_lo_dol_Goigs_i_musiques_de_Pasqua_de_B%C3%A0rbara_Duran_Bordoy\">&#8216;Deixem lo dol. Goigs i musiques de Pasqua&#8217; de B\u00e0rbara Duran Bordoy<\/a>. Menorca: Edicions M\u00f3n de Llibres, 2019.<\/p>\n\n\n\n<hr class=\"wp-block-separator has-css-opacity\"\/>\n\n\n\n<hr class=\"wp-block-separator has-css-opacity\"\/>\n\n\n\n<p class=\"has-text-align-center has-small-font-size\">Els continguts d\u2019aquests materials estan sota una llic\u00e8ncia&nbsp;<a href=\"http:\/\/creativecommons.org\/licenses\/by-nc-nd\/2.5\/es\/deed.es\"><strong>Creative Commons<\/strong><\/a>. Consulteu-los abans&nbsp;d\u2019emprar-los.<\/p>\n\n\n\n<p class=\"has-text-align-center has-small-font-size\">Los contenidos de estos materiales est\u00e1n bajo una licencia&nbsp;<a href=\"http:\/\/creativecommons.org\/licenses\/by-nc-nd\/2.5\/es\/deed.es\"><strong>Creative Commons<\/strong><\/a>. Cons\u00faltela antes de usarlos.<\/p>\n\n\n\n<p class=\"has-text-align-center has-small-font-size\">The contents of these materials are under a licence&nbsp;<a href=\"http:\/\/creativecommons.org\/licenses\/by-nc-nd\/2.5\/es\/deed.en_GB\"><strong>Creative Commons<\/strong><\/a>. Check it before use.<\/p>\n\n\n\n<p class=\"has-text-align-center has-small-font-size\">Isabel Ferrer Senabre,  2022<\/p>\n\n\n<div class=\"wp-block-image\">\n<figure class=\"aligncenter\"><a href=\"https:\/\/i0.wp.com\/2.bp.blogspot.com\/-2hJJZSbkNU8\/Uzf4kBQVWyI\/AAAAAAAABKc\/2544FwQt44k\/s1600\/CC.jpg\"><img decoding=\"async\" src=\"https:\/\/i0.wp.com\/2.bp.blogspot.com\/-2hJJZSbkNU8\/Uzf4kBQVWyI\/AAAAAAAABKc\/2544FwQt44k\/s1600\/CC.jpg?w=1140&amp;ssl=1\" alt=\"\"\/><\/a><\/figure>\n<\/div>","protected":false},"excerpt":{"rendered":"<p>Recerca Discursos a trav\u00e9s de la celebridad local: la cupletista Adela Margot en Val\u00e8ncia durante la d\u00e9cada de 1910 (versi\u00f3n &hellip; <a class=\"more-link\" href=\"https:\/\/ferrersenabre.com\/isabel\/publicacions\/\">M\u00e9s<\/a><\/p>\n","protected":false},"author":1,"featured_media":0,"parent":0,"menu_order":0,"comment_status":"closed","ping_status":"closed","template":"","meta":{"jetpack_post_was_ever_published":false,"footnotes":""},"class_list":["post-702","page","type-page","status-publish","hentry",""],"yoast_head":"<!-- This site is optimized with the Yoast SEO plugin v27.5 - https:\/\/yoast.com\/product\/yoast-seo-wordpress\/ -->\n<title>Publicacions - Isabel Ferrer Senabre<\/title>\n<meta name=\"robots\" content=\"index, follow, max-snippet:-1, max-image-preview:large, max-video-preview:-1\" \/>\n<link rel=\"canonical\" href=\"https:\/\/ferrersenabre.com\/isabel\/publicacions\/\" \/>\n<meta property=\"og:locale\" content=\"ca_ES\" \/>\n<meta property=\"og:type\" content=\"article\" \/>\n<meta property=\"og:title\" content=\"Publicacions - Isabel Ferrer Senabre\" \/>\n<meta property=\"og:description\" content=\"Recerca Discursos a trav\u00e9s de la celebridad local: la cupletista Adela Margot en Val\u00e8ncia durante la d\u00e9cada de 1910 (versi\u00f3n &hellip; M\u00e9s\" \/>\n<meta property=\"og:url\" content=\"https:\/\/ferrersenabre.com\/isabel\/publicacions\/\" \/>\n<meta property=\"og:site_name\" content=\"Isabel Ferrer Senabre\" \/>\n<meta property=\"article:modified_time\" content=\"2023-10-16T15:49:55+00:00\" \/>\n<meta property=\"og:image\" content=\"https:\/\/i0.wp.com\/2.bp.blogspot.com\/-2hJJZSbkNU8\/Uzf4kBQVWyI\/AAAAAAAABKc\/2544FwQt44k\/s1600\/CC.jpg?w=1140&amp;ssl=1\" \/>\n<meta name=\"twitter:card\" content=\"summary_large_image\" \/>\n<meta name=\"twitter:label1\" content=\"Temps estimat de lectura\" \/>\n\t<meta name=\"twitter:data1\" content=\"4 minuts\" \/>\n<script type=\"application\/ld+json\" class=\"yoast-schema-graph\">{\"@context\":\"https:\\\/\\\/schema.org\",\"@graph\":[{\"@type\":\"WebPage\",\"@id\":\"https:\\\/\\\/ferrersenabre.com\\\/isabel\\\/publicacions\\\/\",\"url\":\"https:\\\/\\\/ferrersenabre.com\\\/isabel\\\/publicacions\\\/\",\"name\":\"Publicacions - Isabel Ferrer Senabre\",\"isPartOf\":{\"@id\":\"https:\\\/\\\/ferrersenabre.com\\\/isabel\\\/#website\"},\"primaryImageOfPage\":{\"@id\":\"https:\\\/\\\/ferrersenabre.com\\\/isabel\\\/publicacions\\\/#primaryimage\"},\"image\":{\"@id\":\"https:\\\/\\\/ferrersenabre.com\\\/isabel\\\/publicacions\\\/#primaryimage\"},\"thumbnailUrl\":\"https:\\\/\\\/i0.wp.com\\\/2.bp.blogspot.com\\\/-2hJJZSbkNU8\\\/Uzf4kBQVWyI\\\/AAAAAAAABKc\\\/2544FwQt44k\\\/s1600\\\/CC.jpg?w=1140&amp;ssl=1\",\"datePublished\":\"2020-05-10T18:33:13+00:00\",\"dateModified\":\"2023-10-16T15:49:55+00:00\",\"breadcrumb\":{\"@id\":\"https:\\\/\\\/ferrersenabre.com\\\/isabel\\\/publicacions\\\/#breadcrumb\"},\"inLanguage\":\"ca\",\"potentialAction\":[{\"@type\":\"ReadAction\",\"target\":[\"https:\\\/\\\/ferrersenabre.com\\\/isabel\\\/publicacions\\\/\"]}]},{\"@type\":\"ImageObject\",\"inLanguage\":\"ca\",\"@id\":\"https:\\\/\\\/ferrersenabre.com\\\/isabel\\\/publicacions\\\/#primaryimage\",\"url\":\"https:\\\/\\\/i0.wp.com\\\/2.bp.blogspot.com\\\/-2hJJZSbkNU8\\\/Uzf4kBQVWyI\\\/AAAAAAAABKc\\\/2544FwQt44k\\\/s1600\\\/CC.jpg?w=1140&amp;ssl=1\",\"contentUrl\":\"https:\\\/\\\/i0.wp.com\\\/2.bp.blogspot.com\\\/-2hJJZSbkNU8\\\/Uzf4kBQVWyI\\\/AAAAAAAABKc\\\/2544FwQt44k\\\/s1600\\\/CC.jpg?w=1140&amp;ssl=1\"},{\"@type\":\"BreadcrumbList\",\"@id\":\"https:\\\/\\\/ferrersenabre.com\\\/isabel\\\/publicacions\\\/#breadcrumb\",\"itemListElement\":[{\"@type\":\"ListItem\",\"position\":1,\"name\":\"Inici\",\"item\":\"https:\\\/\\\/ferrersenabre.com\\\/isabel\\\/\"},{\"@type\":\"ListItem\",\"position\":2,\"name\":\"Publicacions\"}]},{\"@type\":\"WebSite\",\"@id\":\"https:\\\/\\\/ferrersenabre.com\\\/isabel\\\/#website\",\"url\":\"https:\\\/\\\/ferrersenabre.com\\\/isabel\\\/\",\"name\":\"Isabel Ferrer Senabre\",\"description\":\"Music\u00f2loga\",\"publisher\":{\"@id\":\"https:\\\/\\\/ferrersenabre.com\\\/isabel\\\/#\\\/schema\\\/person\\\/457531cb41fc01c1b6676c978e0dda6a\"},\"potentialAction\":[{\"@type\":\"SearchAction\",\"target\":{\"@type\":\"EntryPoint\",\"urlTemplate\":\"https:\\\/\\\/ferrersenabre.com\\\/isabel\\\/?s={search_term_string}\"},\"query-input\":{\"@type\":\"PropertyValueSpecification\",\"valueRequired\":true,\"valueName\":\"search_term_string\"}}],\"inLanguage\":\"ca\"},{\"@type\":[\"Person\",\"Organization\"],\"@id\":\"https:\\\/\\\/ferrersenabre.com\\\/isabel\\\/#\\\/schema\\\/person\\\/457531cb41fc01c1b6676c978e0dda6a\",\"name\":\"isabel\",\"image\":{\"@type\":\"ImageObject\",\"inLanguage\":\"ca\",\"@id\":\"https:\\\/\\\/secure.gravatar.com\\\/avatar\\\/36088a98412757fa80f5ec755699904dc651bf39967c68e42d1c3a10675ae5ca?s=96&d=mm&r=g\",\"url\":\"https:\\\/\\\/secure.gravatar.com\\\/avatar\\\/36088a98412757fa80f5ec755699904dc651bf39967c68e42d1c3a10675ae5ca?s=96&d=mm&r=g\",\"contentUrl\":\"https:\\\/\\\/secure.gravatar.com\\\/avatar\\\/36088a98412757fa80f5ec755699904dc651bf39967c68e42d1c3a10675ae5ca?s=96&d=mm&r=g\",\"caption\":\"isabel\"},\"logo\":{\"@id\":\"https:\\\/\\\/secure.gravatar.com\\\/avatar\\\/36088a98412757fa80f5ec755699904dc651bf39967c68e42d1c3a10675ae5ca?s=96&d=mm&r=g\"}}]}<\/script>\n<!-- \/ Yoast SEO plugin. -->","yoast_head_json":{"title":"Publicacions - Isabel Ferrer Senabre","robots":{"index":"index","follow":"follow","max-snippet":"max-snippet:-1","max-image-preview":"max-image-preview:large","max-video-preview":"max-video-preview:-1"},"canonical":"https:\/\/ferrersenabre.com\/isabel\/publicacions\/","og_locale":"ca_ES","og_type":"article","og_title":"Publicacions - Isabel Ferrer Senabre","og_description":"Recerca Discursos a trav\u00e9s de la celebridad local: la cupletista Adela Margot en Val\u00e8ncia durante la d\u00e9cada de 1910 (versi\u00f3n &hellip; M\u00e9s","og_url":"https:\/\/ferrersenabre.com\/isabel\/publicacions\/","og_site_name":"Isabel Ferrer Senabre","article_modified_time":"2023-10-16T15:49:55+00:00","og_image":[{"url":"https:\/\/i0.wp.com\/2.bp.blogspot.com\/-2hJJZSbkNU8\/Uzf4kBQVWyI\/AAAAAAAABKc\/2544FwQt44k\/s1600\/CC.jpg?w=1140&amp;ssl=1","type":"","width":"","height":""}],"twitter_card":"summary_large_image","twitter_misc":{"Temps estimat de lectura":"4 minuts"},"schema":{"@context":"https:\/\/schema.org","@graph":[{"@type":"WebPage","@id":"https:\/\/ferrersenabre.com\/isabel\/publicacions\/","url":"https:\/\/ferrersenabre.com\/isabel\/publicacions\/","name":"Publicacions - Isabel Ferrer Senabre","isPartOf":{"@id":"https:\/\/ferrersenabre.com\/isabel\/#website"},"primaryImageOfPage":{"@id":"https:\/\/ferrersenabre.com\/isabel\/publicacions\/#primaryimage"},"image":{"@id":"https:\/\/ferrersenabre.com\/isabel\/publicacions\/#primaryimage"},"thumbnailUrl":"https:\/\/i0.wp.com\/2.bp.blogspot.com\/-2hJJZSbkNU8\/Uzf4kBQVWyI\/AAAAAAAABKc\/2544FwQt44k\/s1600\/CC.jpg?w=1140&amp;ssl=1","datePublished":"2020-05-10T18:33:13+00:00","dateModified":"2023-10-16T15:49:55+00:00","breadcrumb":{"@id":"https:\/\/ferrersenabre.com\/isabel\/publicacions\/#breadcrumb"},"inLanguage":"ca","potentialAction":[{"@type":"ReadAction","target":["https:\/\/ferrersenabre.com\/isabel\/publicacions\/"]}]},{"@type":"ImageObject","inLanguage":"ca","@id":"https:\/\/ferrersenabre.com\/isabel\/publicacions\/#primaryimage","url":"https:\/\/i0.wp.com\/2.bp.blogspot.com\/-2hJJZSbkNU8\/Uzf4kBQVWyI\/AAAAAAAABKc\/2544FwQt44k\/s1600\/CC.jpg?w=1140&amp;ssl=1","contentUrl":"https:\/\/i0.wp.com\/2.bp.blogspot.com\/-2hJJZSbkNU8\/Uzf4kBQVWyI\/AAAAAAAABKc\/2544FwQt44k\/s1600\/CC.jpg?w=1140&amp;ssl=1"},{"@type":"BreadcrumbList","@id":"https:\/\/ferrersenabre.com\/isabel\/publicacions\/#breadcrumb","itemListElement":[{"@type":"ListItem","position":1,"name":"Inici","item":"https:\/\/ferrersenabre.com\/isabel\/"},{"@type":"ListItem","position":2,"name":"Publicacions"}]},{"@type":"WebSite","@id":"https:\/\/ferrersenabre.com\/isabel\/#website","url":"https:\/\/ferrersenabre.com\/isabel\/","name":"Isabel Ferrer Senabre","description":"Music\u00f2loga","publisher":{"@id":"https:\/\/ferrersenabre.com\/isabel\/#\/schema\/person\/457531cb41fc01c1b6676c978e0dda6a"},"potentialAction":[{"@type":"SearchAction","target":{"@type":"EntryPoint","urlTemplate":"https:\/\/ferrersenabre.com\/isabel\/?s={search_term_string}"},"query-input":{"@type":"PropertyValueSpecification","valueRequired":true,"valueName":"search_term_string"}}],"inLanguage":"ca"},{"@type":["Person","Organization"],"@id":"https:\/\/ferrersenabre.com\/isabel\/#\/schema\/person\/457531cb41fc01c1b6676c978e0dda6a","name":"isabel","image":{"@type":"ImageObject","inLanguage":"ca","@id":"https:\/\/secure.gravatar.com\/avatar\/36088a98412757fa80f5ec755699904dc651bf39967c68e42d1c3a10675ae5ca?s=96&d=mm&r=g","url":"https:\/\/secure.gravatar.com\/avatar\/36088a98412757fa80f5ec755699904dc651bf39967c68e42d1c3a10675ae5ca?s=96&d=mm&r=g","contentUrl":"https:\/\/secure.gravatar.com\/avatar\/36088a98412757fa80f5ec755699904dc651bf39967c68e42d1c3a10675ae5ca?s=96&d=mm&r=g","caption":"isabel"},"logo":{"@id":"https:\/\/secure.gravatar.com\/avatar\/36088a98412757fa80f5ec755699904dc651bf39967c68e42d1c3a10675ae5ca?s=96&d=mm&r=g"}}]}},"jetpack_sharing_enabled":true,"jetpack_shortlink":"https:\/\/wp.me\/P7sWWM-bk","_links":{"self":[{"href":"https:\/\/ferrersenabre.com\/isabel\/wp-json\/wp\/v2\/pages\/702","targetHints":{"allow":["GET"]}}],"collection":[{"href":"https:\/\/ferrersenabre.com\/isabel\/wp-json\/wp\/v2\/pages"}],"about":[{"href":"https:\/\/ferrersenabre.com\/isabel\/wp-json\/wp\/v2\/types\/page"}],"author":[{"embeddable":true,"href":"https:\/\/ferrersenabre.com\/isabel\/wp-json\/wp\/v2\/users\/1"}],"replies":[{"embeddable":true,"href":"https:\/\/ferrersenabre.com\/isabel\/wp-json\/wp\/v2\/comments?post=702"}],"version-history":[{"count":25,"href":"https:\/\/ferrersenabre.com\/isabel\/wp-json\/wp\/v2\/pages\/702\/revisions"}],"predecessor-version":[{"id":1732,"href":"https:\/\/ferrersenabre.com\/isabel\/wp-json\/wp\/v2\/pages\/702\/revisions\/1732"}],"wp:attachment":[{"href":"https:\/\/ferrersenabre.com\/isabel\/wp-json\/wp\/v2\/media?parent=702"}],"curies":[{"name":"wp","href":"https:\/\/api.w.org\/{rel}","templated":true}]}}